{"id":1651,"date":"2013-04-26T22:00:33","date_gmt":"2013-04-26T20:00:33","guid":{"rendered":"http:\/\/www.ataspain.com\/fr\/?page_id=1651"},"modified":"2020-12-13T22:10:48","modified_gmt":"2020-12-13T21:10:48","slug":"comptabilite-marbella-costa-del-sol","status":"publish","type":"page","link":"https:\/\/www.ataspain.com\/fr\/comptabilite-marbella-costa-del-sol\/","title":{"rendered":"Comptabilit\u00e9"},"content":{"rendered":"\t\t<div data-elementor-type=\"wp-page\" data-elementor-id=\"1651\" class=\"elementor elementor-1651\" data-elementor-settings=\"[]\">\n\t\t\t\t\t\t<div class=\"elementor-inner\">\n\t\t\t\t\t\t\t<div class=\"elementor-section-wrap\">\n\t\t\t\t\t\t\t<section class=\"elementor-section elementor-top-section elementor-element elementor-element-74eb83a7 elementor-section-boxed elementor-section-height-default elementor-section-height-default\" data-id=\"74eb83a7\" data-element_type=\"section\">\n\t\t\t\t\t\t<div class=\"elementor-container elementor-column-gap-default\">\n\t\t\t\t\t\t\t<div class=\"elementor-row\">\n\t\t\t\t\t<div class=\"elementor-column elementor-col-100 elementor-top-column elementor-element elementor-element-6455b599\" data-id=\"6455b599\" data-element_type=\"column\">\n\t\t\t<div class=\"elementor-column-wrap elementor-element-populated\">\n\t\t\t\t\t\t\t<div class=\"elementor-widget-wrap\">\n\t\t\t\t\t\t<div class=\"elementor-element elementor-element-47879268 elementor-widget elementor-widget-text-editor\" data-id=\"47879268\" data-element_type=\"widget\" data-widget_type=\"text-editor.default\">\n\t\t\t\t<div class=\"elementor-widget-container\">\n\t\t\t\t\t<div class=\"elementor-text-editor elementor-clearfix\"><h1>Comptabilit\u00e9<\/h1>\n<p>\u00a0<\/p>\n<p><img loading=\"lazy\" class=\"alignright wp-image-1924 size-full\" src=\"http:\/\/www.ataspain.com\/fr\/wp-content\/uploads\/2020\/12\/banner-8-360x280-1.jpg\" alt=\"Comptabilit\u00e9 Costa del Sol\" width=\"360\" height=\"280\" srcset=\"https:\/\/www.ataspain.com\/fr\/wp-content\/uploads\/2020\/12\/banner-8-360x280-1.jpg 360w, https:\/\/www.ataspain.com\/fr\/wp-content\/uploads\/2020\/12\/banner-8-360x280-1-300x233.jpg 300w\" sizes=\"(max-width: 360px) 100vw, 360px\" \/> Nous sommes un cabinet de comptables agr\u00e9\u00e9s espagnols proposant aux petites et moyennes entreprises, ainsi qu\u2019aux particuliers, des solutions financi\u00e8res.<\/p>\n<p>Nos comptables associent leurs exp\u00e9riences internationales \u00e0 la connaissance du march\u00e9 local pour vous garantir le meilleur niveau de service professionnel disponible.<\/p>\n<p>Nous offrons une gamme compl\u00e8te de services tels que:<\/p>\n<ul class=\"check\">\n<li>Comptabilit\u00e9 (entreprises et ind\u00e9pendants)<\/li>\n<li>Taxes (imp\u00f4ts sur les soci\u00e9t\u00e9s, TVA, IRPF)<\/li>\n<li>D\u00e9clarations d&#8217;imp\u00f4t (r\u00e9sidents et non-r\u00e9sidents)<\/li>\n<li>Comptes de gestion<\/li>\n<li>Plans d&#8217;affaires<\/li>\n<li>Conseils avis\u00e9s de directeurs des services financiers<\/li>\n<li>Pr\u00e9paration d\u2019un audit<\/li>\n<\/ul>\n<!-- wp:paragraph -->\n<p>\u00a0<\/p>\n<!-- \/wp:paragraph --><\/div>\n\t\t\t\t<\/div>\n\t\t\t\t<\/div>\n\t\t\t\t\t\t<\/div>\n\t\t\t\t\t<\/div>\n\t\t<\/div>\n\t\t\t\t\t\t\t\t<\/div>\n\t\t\t\t\t<\/div>\n\t\t<\/section>\n\t\t\t\t\t\t<\/div>\n\t\t\t\t\t\t<\/div>\n\t\t\t\t\t<\/div>\n\t\t","protected":false},"excerpt":{"rendered":"<p>Comptabilit\u00e9 \u00a0 Nous sommes un cabinet de comptables agr\u00e9\u00e9s espagnols proposant aux petites et moyennes entreprises, ainsi qu\u2019aux particuliers, des <span>&#8230;<\/span><\/p>\n","protected":false},"author":1,"featured_media":0,"parent":0,"menu_order":0,"comment_status":"closed","ping_status":"closed","template":"","meta":[],"yoast_head":"<!-- This site is optimized with the Yoast SEO plugin v15.4 - https:\/\/yoast.com\/wordpress\/plugins\/seo\/ -->\n<title>Comptabilit\u00e9 | Costa del Sol | ATA Spain Accountants &amp; Tax Advisors SL<\/title>\n<meta name=\"description\" content=\"Comptabilit\u00e9 et Pr\u00e9paration des Comptes. Pr\u00e9paration et Archivage des D\u00e9clarations d&#039;Imp\u00f4ts Espagnols. Cr\u00e9ation d&#039;une Soci\u00e9t\u00e9 Espagnole.\" \/>\n<meta name=\"robots\" content=\"index, follow, max-snippet:-1, max-image-preview:large, max-video-preview:-1\" \/>\n<link rel=\"canonical\" href=\"https:\/\/www.ataspain.com\/fr\/comptabilite-marbella-costa-del-sol\/\" \/>\n<meta property=\"og:locale\" content=\"en_GB\" \/>\n<meta property=\"og:type\" content=\"article\" \/>\n<meta property=\"og:title\" content=\"Comptabilit\u00e9 | Costa del Sol | ATA Spain Accountants &amp; Tax Advisors SL\" \/>\n<meta property=\"og:description\" content=\"Comptabilit\u00e9 et Pr\u00e9paration des Comptes. Pr\u00e9paration et Archivage des D\u00e9clarations d&#039;Imp\u00f4ts Espagnols. Cr\u00e9ation d&#039;une Soci\u00e9t\u00e9 Espagnole.\" \/>\n<meta property=\"og:url\" content=\"https:\/\/www.ataspain.com\/fr\/comptabilite-marbella-costa-del-sol\/\" \/>\n<meta property=\"og:site_name\" content=\"ATA Spain\" \/>\n<meta property=\"article:publisher\" content=\"https:\/\/www.facebook.com\/Ataspain-461086957358463\" \/>\n<meta property=\"article:modified_time\" content=\"2020-12-13T21:10:48+00:00\" \/>\n<meta property=\"og:image\" content=\"http:\/\/www.ataspain.com\/fr\/wp-content\/uploads\/2020\/12\/banner-8-360x280-1.jpg\" \/>\n<meta name=\"twitter:card\" content=\"summary_large_image\" \/>\n<meta name=\"twitter:label1\" content=\"Written by\">\n\t<meta name=\"twitter:data1\" content=\"ATA Spain\">\n\t<meta name=\"twitter:label2\" content=\"Estimated reading time\">\n\t<meta name=\"twitter:data2\" content=\"0 minutes\">\n<script type=\"application\/ld+json\" class=\"yoast-schema-graph\">{\"@context\":\"https:\/\/schema.org\",\"@graph\":[{\"@type\":\"Organization\",\"@id\":\"https:\/\/www.ataspain.com\/fr\/#organization\",\"name\":\"ATA Spain: Accountants & Tax Advisors SL\",\"url\":\"https:\/\/www.ataspain.com\/fr\/\",\"sameAs\":[\"https:\/\/www.facebook.com\/Ataspain-461086957358463\"],\"logo\":{\"@type\":\"ImageObject\",\"@id\":\"https:\/\/www.ataspain.com\/fr\/#logo\",\"inLanguage\":\"en-GB\",\"url\":\"https:\/\/www.ataspain.com\/fr\/wp-content\/uploads\/2013\/04\/Accountants-Tax-Advisors-Spain-logo-blue.png\",\"width\":200,\"height\":118,\"caption\":\"ATA Spain: Accountants & Tax Advisors SL\"},\"image\":{\"@id\":\"https:\/\/www.ataspain.com\/fr\/#logo\"}},{\"@type\":\"WebSite\",\"@id\":\"https:\/\/www.ataspain.com\/fr\/#website\",\"url\":\"https:\/\/www.ataspain.com\/fr\/\",\"name\":\"ATA Spain\",\"description\":\"Comptables et conseillers fiscaux SL sont bas\\u00e9s \\u00e0 Marbella sur la Costa del Sol en Espagne\",\"publisher\":{\"@id\":\"https:\/\/www.ataspain.com\/fr\/#organization\"},\"potentialAction\":[{\"@type\":\"SearchAction\",\"target\":\"https:\/\/www.ataspain.com\/fr\/?s={search_term_string}\",\"query-input\":\"required name=search_term_string\"}],\"inLanguage\":\"en-GB\"},{\"@type\":\"ImageObject\",\"@id\":\"https:\/\/www.ataspain.com\/fr\/comptabilite-marbella-costa-del-sol\/#primaryimage\",\"inLanguage\":\"en-GB\",\"url\":\"http:\/\/www.ataspain.com\/fr\/wp-content\/uploads\/2020\/12\/banner-8-360x280-1.jpg\"},{\"@type\":\"WebPage\",\"@id\":\"https:\/\/www.ataspain.com\/fr\/comptabilite-marbella-costa-del-sol\/#webpage\",\"url\":\"https:\/\/www.ataspain.com\/fr\/comptabilite-marbella-costa-del-sol\/\",\"name\":\"Comptabilit\\u00e9 | Costa del Sol | ATA Spain Accountants & Tax Advisors SL\",\"isPartOf\":{\"@id\":\"https:\/\/www.ataspain.com\/fr\/#website\"},\"primaryImageOfPage\":{\"@id\":\"https:\/\/www.ataspain.com\/fr\/comptabilite-marbella-costa-del-sol\/#primaryimage\"},\"datePublished\":\"2013-04-26T20:00:33+00:00\",\"dateModified\":\"2020-12-13T21:10:48+00:00\",\"description\":\"Comptabilit\\u00e9 et Pr\\u00e9paration des Comptes. Pr\\u00e9paration et Archivage des D\\u00e9clarations d'Imp\\u00f4ts Espagnols. Cr\\u00e9ation d'une Soci\\u00e9t\\u00e9 Espagnole.\",\"inLanguage\":\"en-GB\",\"potentialAction\":[{\"@type\":\"ReadAction\",\"target\":[\"https:\/\/www.ataspain.com\/fr\/comptabilite-marbella-costa-del-sol\/\"]}]}]}<\/script>\n<!-- \/ Yoast SEO plugin. -->","_links":{"self":[{"href":"https:\/\/www.ataspain.com\/fr\/wp-json\/wp\/v2\/pages\/1651"}],"collection":[{"href":"https:\/\/www.ataspain.com\/fr\/wp-json\/wp\/v2\/pages"}],"about":[{"href":"https:\/\/www.ataspain.com\/fr\/wp-json\/wp\/v2\/types\/page"}],"author":[{"embeddable":true,"href":"https:\/\/www.ataspain.com\/fr\/wp-json\/wp\/v2\/users\/1"}],"replies":[{"embeddable":true,"href":"https:\/\/www.ataspain.com\/fr\/wp-json\/wp\/v2\/comments?post=1651"}],"version-history":[{"count":13,"href":"https:\/\/www.ataspain.com\/fr\/wp-json\/wp\/v2\/pages\/1651\/revisions"}],"predecessor-version":[{"id":2352,"href":"https:\/\/www.ataspain.com\/fr\/wp-json\/wp\/v2\/pages\/1651\/revisions\/2352"}],"wp:attachment":[{"href":"https:\/\/www.ataspain.com\/fr\/wp-json\/wp\/v2\/media?parent=1651"}],"curies":[{"name":"wp","href":"https:\/\/api.w.org\/{rel}","templated":true}]}}