{"id":1831,"date":"2016-06-17T19:01:23","date_gmt":"2016-06-17T17:01:23","guid":{"rendered":"http:\/\/www.ataspain.com\/fr\/?page_id=1831"},"modified":"2020-12-13T22:25:01","modified_gmt":"2020-12-13T21:25:01","slug":"immobilier-marbella-costa-del-sol","status":"publish","type":"page","link":"https:\/\/www.ataspain.com\/fr\/immobilier-marbella-costa-del-sol\/","title":{"rendered":"Immobilier"},"content":{"rendered":"\t\t<div data-elementor-type=\"wp-page\" data-elementor-id=\"1831\" class=\"elementor elementor-1831\" data-elementor-settings=\"[]\">\n\t\t\t\t\t\t<div class=\"elementor-inner\">\n\t\t\t\t\t\t\t<div class=\"elementor-section-wrap\">\n\t\t\t\t\t\t\t<section class=\"elementor-section elementor-top-section elementor-element elementor-element-62689a67 elementor-section-boxed elementor-section-height-default elementor-section-height-default\" data-id=\"62689a67\" data-element_type=\"section\">\n\t\t\t\t\t\t<div class=\"elementor-container elementor-column-gap-default\">\n\t\t\t\t\t\t\t<div class=\"elementor-row\">\n\t\t\t\t\t<div class=\"elementor-column elementor-col-100 elementor-top-column elementor-element elementor-element-5fc796a8\" data-id=\"5fc796a8\" data-element_type=\"column\">\n\t\t\t<div class=\"elementor-column-wrap elementor-element-populated\">\n\t\t\t\t\t\t\t<div class=\"elementor-widget-wrap\">\n\t\t\t\t\t\t<div class=\"elementor-element elementor-element-16f0b637 elementor-widget elementor-widget-text-editor\" data-id=\"16f0b637\" data-element_type=\"widget\" data-widget_type=\"text-editor.default\">\n\t\t\t\t<div class=\"elementor-widget-container\">\n\t\t\t\t\t<div class=\"elementor-text-editor elementor-clearfix\">\n<h1>Immobilier<\/h1>\n<p>&nbsp;<\/p>\n\n<img loading=\"lazy\" class=\"alignright wp-image-2222\" src=\"http:\/\/www.ataspain.com\/fr\/wp-content\/uploads\/2020\/12\/interior-3778708_1280-1024x640.jpg\" alt=\"\" width=\"360\" height=\"225\" srcset=\"https:\/\/www.ataspain.com\/fr\/wp-content\/uploads\/2020\/12\/interior-3778708_1280-1024x640.jpg 1024w, https:\/\/www.ataspain.com\/fr\/wp-content\/uploads\/2020\/12\/interior-3778708_1280-300x188.jpg 300w, https:\/\/www.ataspain.com\/fr\/wp-content\/uploads\/2020\/12\/interior-3778708_1280-768x480.jpg 768w, https:\/\/www.ataspain.com\/fr\/wp-content\/uploads\/2020\/12\/interior-3778708_1280.jpg 1280w\" sizes=\"(max-width: 360px) 100vw, 360px\" \/>\n<ul class=\"check\">\n \t<li>Ventes et achats immobiliers<\/li>\n \t<li>Conseils complets pour le d\u00e9veloppement immobilier<\/li>\n \t<li>L\u00e9galisation des travaux de construction<\/li>\n \t<li>Pr\u00eats hypoth\u00e9caires<\/li>\n \t<li>Locations de propri\u00e9t\u00e9s (r\u00e9sidentielles et commerciales)<\/li>\n \t<li>Division, s\u00e9paration et consolidation des parcelles<\/li>\n \t<li>Etablissement de droits r\u00e9els dans les transactions immobili\u00e8res (usufruit, servitude, etc.)<\/li>\n \t<li>Repr\u00e9sentation devant les communaut\u00e9s de propri\u00e9taires et pr\u00e9sence aux r\u00e9unions<\/li>\n \t<li>Registre des propri\u00e9t\u00e9s ou modification des donn\u00e9es enregistr\u00e9es au bureau du cadastre<\/li>\n \t<li>Ventes et achats de biens meubles (actions, v\u00e9hicules, yachts)<\/li>\n<\/ul><\/div>\n\t\t\t\t<\/div>\n\t\t\t\t<\/div>\n\t\t\t\t\t\t<\/div>\n\t\t\t\t\t<\/div>\n\t\t<\/div>\n\t\t\t\t\t\t\t\t<\/div>\n\t\t\t\t\t<\/div>\n\t\t<\/section>\n\t\t\t\t\t\t<\/div>\n\t\t\t\t\t\t<\/div>\n\t\t\t\t\t<\/div>\n\t\t","protected":false},"excerpt":{"rendered":"<p>Immobilier &nbsp; Ventes et achats immobiliers Conseils complets pour le d\u00e9veloppement immobilier L\u00e9galisation des travaux de construction Pr\u00eats hypoth\u00e9caires Locations <span>&#8230;<\/span><\/p>\n","protected":false},"author":1,"featured_media":0,"parent":0,"menu_order":0,"comment_status":"closed","ping_status":"closed","template":"","meta":[],"yoast_head":"<!-- This site is optimized with the Yoast SEO plugin v15.4 - https:\/\/yoast.com\/wordpress\/plugins\/seo\/ -->\n<title>Ventes et achats immobiliers Marbella | Costa del Sol | Espagne ATA Spain<\/title>\n<meta name=\"description\" content=\"Ventes et achats immobiliers. Conseils complets pour le d\u00e9veloppement immobilier. L\u00e9galisation des travaux de construction. Pr\u00eats hypoth\u00e9caires.\" \/>\n<meta name=\"robots\" content=\"index, follow, max-snippet:-1, max-image-preview:large, max-video-preview:-1\" \/>\n<link rel=\"canonical\" href=\"https:\/\/www.ataspain.com\/fr\/immobilier-marbella-costa-del-sol\/\" \/>\n<meta property=\"og:locale\" content=\"en_GB\" \/>\n<meta property=\"og:type\" content=\"article\" \/>\n<meta property=\"og:title\" content=\"Ventes et achats immobiliers Marbella | Costa del Sol | Espagne ATA Spain\" \/>\n<meta property=\"og:description\" content=\"Ventes et achats immobiliers. Conseils complets pour le d\u00e9veloppement immobilier. L\u00e9galisation des travaux de construction. Pr\u00eats hypoth\u00e9caires.\" \/>\n<meta property=\"og:url\" content=\"https:\/\/www.ataspain.com\/fr\/immobilier-marbella-costa-del-sol\/\" \/>\n<meta property=\"og:site_name\" content=\"ATA Spain\" \/>\n<meta property=\"article:publisher\" content=\"https:\/\/www.facebook.com\/Ataspain-461086957358463\" \/>\n<meta property=\"article:modified_time\" content=\"2020-12-13T21:25:01+00:00\" \/>\n<meta property=\"og:image\" content=\"http:\/\/www.ataspain.com\/fr\/wp-content\/uploads\/2020\/12\/interior-3778708_1280-1024x640.jpg\" \/>\n<meta name=\"twitter:card\" content=\"summary_large_image\" \/>\n<meta name=\"twitter:label1\" content=\"Written by\">\n\t<meta name=\"twitter:data1\" content=\"ATA Spain\">\n\t<meta name=\"twitter:label2\" content=\"Estimated reading time\">\n\t<meta name=\"twitter:data2\" content=\"0 minutes\">\n<script type=\"application\/ld+json\" class=\"yoast-schema-graph\">{\"@context\":\"https:\/\/schema.org\",\"@graph\":[{\"@type\":\"Organization\",\"@id\":\"https:\/\/www.ataspain.com\/fr\/#organization\",\"name\":\"ATA Spain: Accountants & Tax Advisors SL\",\"url\":\"https:\/\/www.ataspain.com\/fr\/\",\"sameAs\":[\"https:\/\/www.facebook.com\/Ataspain-461086957358463\"],\"logo\":{\"@type\":\"ImageObject\",\"@id\":\"https:\/\/www.ataspain.com\/fr\/#logo\",\"inLanguage\":\"en-GB\",\"url\":\"https:\/\/www.ataspain.com\/fr\/wp-content\/uploads\/2013\/04\/Accountants-Tax-Advisors-Spain-logo-blue.png\",\"width\":200,\"height\":118,\"caption\":\"ATA Spain: Accountants & Tax Advisors SL\"},\"image\":{\"@id\":\"https:\/\/www.ataspain.com\/fr\/#logo\"}},{\"@type\":\"WebSite\",\"@id\":\"https:\/\/www.ataspain.com\/fr\/#website\",\"url\":\"https:\/\/www.ataspain.com\/fr\/\",\"name\":\"ATA Spain\",\"description\":\"Comptables et conseillers fiscaux SL sont bas\\u00e9s \\u00e0 Marbella sur la Costa del Sol en Espagne\",\"publisher\":{\"@id\":\"https:\/\/www.ataspain.com\/fr\/#organization\"},\"potentialAction\":[{\"@type\":\"SearchAction\",\"target\":\"https:\/\/www.ataspain.com\/fr\/?s={search_term_string}\",\"query-input\":\"required name=search_term_string\"}],\"inLanguage\":\"en-GB\"},{\"@type\":\"ImageObject\",\"@id\":\"https:\/\/www.ataspain.com\/fr\/immobilier-marbella-costa-del-sol\/#primaryimage\",\"inLanguage\":\"en-GB\",\"url\":\"http:\/\/www.ataspain.com\/fr\/wp-content\/uploads\/2020\/12\/interior-3778708_1280-1024x640.jpg\"},{\"@type\":\"WebPage\",\"@id\":\"https:\/\/www.ataspain.com\/fr\/immobilier-marbella-costa-del-sol\/#webpage\",\"url\":\"https:\/\/www.ataspain.com\/fr\/immobilier-marbella-costa-del-sol\/\",\"name\":\"Ventes et achats immobiliers Marbella | Costa del Sol | Espagne ATA Spain\",\"isPartOf\":{\"@id\":\"https:\/\/www.ataspain.com\/fr\/#website\"},\"primaryImageOfPage\":{\"@id\":\"https:\/\/www.ataspain.com\/fr\/immobilier-marbella-costa-del-sol\/#primaryimage\"},\"datePublished\":\"2016-06-17T17:01:23+00:00\",\"dateModified\":\"2020-12-13T21:25:01+00:00\",\"description\":\"Ventes et achats immobiliers. Conseils complets pour le d\\u00e9veloppement immobilier. L\\u00e9galisation des travaux de construction. Pr\\u00eats hypoth\\u00e9caires.\",\"inLanguage\":\"en-GB\",\"potentialAction\":[{\"@type\":\"ReadAction\",\"target\":[\"https:\/\/www.ataspain.com\/fr\/immobilier-marbella-costa-del-sol\/\"]}]}]}<\/script>\n<!-- \/ Yoast SEO plugin. -->","_links":{"self":[{"href":"https:\/\/www.ataspain.com\/fr\/wp-json\/wp\/v2\/pages\/1831"}],"collection":[{"href":"https:\/\/www.ataspain.com\/fr\/wp-json\/wp\/v2\/pages"}],"about":[{"href":"https:\/\/www.ataspain.com\/fr\/wp-json\/wp\/v2\/types\/page"}],"author":[{"embeddable":true,"href":"https:\/\/www.ataspain.com\/fr\/wp-json\/wp\/v2\/users\/1"}],"replies":[{"embeddable":true,"href":"https:\/\/www.ataspain.com\/fr\/wp-json\/wp\/v2\/comments?post=1831"}],"version-history":[{"count":16,"href":"https:\/\/www.ataspain.com\/fr\/wp-json\/wp\/v2\/pages\/1831\/revisions"}],"predecessor-version":[{"id":2370,"href":"https:\/\/www.ataspain.com\/fr\/wp-json\/wp\/v2\/pages\/1831\/revisions\/2370"}],"wp:attachment":[{"href":"https:\/\/www.ataspain.com\/fr\/wp-json\/wp\/v2\/media?parent=1831"}],"curies":[{"name":"wp","href":"https:\/\/api.w.org\/{rel}","templated":true}]}}