{"id":1836,"date":"2016-06-17T19:08:58","date_gmt":"2016-06-17T17:08:58","guid":{"rendered":"http:\/\/www.ataspain.com\/fr\/?page_id=1836"},"modified":"2020-12-13T22:23:16","modified_gmt":"2020-12-13T21:23:16","slug":"conseil-fiscal-pour-les-non-residents-marbella-costa-del-sol","status":"publish","type":"page","link":"https:\/\/www.ataspain.com\/fr\/conseil-fiscal-pour-les-non-residents-marbella-costa-del-sol\/","title":{"rendered":"Non-R\u00e9sident"},"content":{"rendered":"\t\t<div data-elementor-type=\"wp-page\" data-elementor-id=\"1836\" class=\"elementor elementor-1836\" data-elementor-settings=\"[]\">\n\t\t\t\t\t\t<div class=\"elementor-inner\">\n\t\t\t\t\t\t\t<div class=\"elementor-section-wrap\">\n\t\t\t\t\t\t\t<section class=\"elementor-section elementor-top-section elementor-element elementor-element-78f64985 elementor-section-boxed elementor-section-height-default elementor-section-height-default\" data-id=\"78f64985\" data-element_type=\"section\">\n\t\t\t\t\t\t<div class=\"elementor-container elementor-column-gap-default\">\n\t\t\t\t\t\t\t<div class=\"elementor-row\">\n\t\t\t\t\t<div class=\"elementor-column elementor-col-100 elementor-top-column elementor-element elementor-element-326557d\" data-id=\"326557d\" data-element_type=\"column\">\n\t\t\t<div class=\"elementor-column-wrap elementor-element-populated\">\n\t\t\t\t\t\t\t<div class=\"elementor-widget-wrap\">\n\t\t\t\t\t\t<div class=\"elementor-element elementor-element-4372609c elementor-widget elementor-widget-text-editor\" data-id=\"4372609c\" data-element_type=\"widget\" data-widget_type=\"text-editor.default\">\n\t\t\t\t<div class=\"elementor-widget-container\">\n\t\t\t\t\t<div class=\"elementor-text-editor elementor-clearfix\"><h1>Non-R\u00e9sident<\/h1>\n\n<p>&nbsp;<\/p>\n<img loading=\"lazy\" class=\"alignright wp-image-2213\" src=\"http:\/\/www.ataspain.com\/fr\/wp-content\/uploads\/2020\/12\/port-2707995_1280-1024x576.jpg\" alt=\"Non-Resident Espagne\" width=\"360\" height=\"203\" srcset=\"https:\/\/www.ataspain.com\/fr\/wp-content\/uploads\/2020\/12\/port-2707995_1280-1024x576.jpg 1024w, https:\/\/www.ataspain.com\/fr\/wp-content\/uploads\/2020\/12\/port-2707995_1280-300x169.jpg 300w, https:\/\/www.ataspain.com\/fr\/wp-content\/uploads\/2020\/12\/port-2707995_1280-768x432.jpg 768w, https:\/\/www.ataspain.com\/fr\/wp-content\/uploads\/2020\/12\/port-2707995_1280.jpg 1280w\" sizes=\"(max-width: 360px) 100vw, 360px\" \/>\n<ul>\n \t<li>Conseil fiscal pour les non-r\u00e9sidents<\/li>\n \t<li>D\u00e9claration d&#8217;imp\u00f4t des non-r\u00e9sidents (d\u00e9claration annuelle)<\/li>\n \t<li>Repr\u00e9sentation fiscale<\/li>\n<\/ul><\/div>\n\t\t\t\t<\/div>\n\t\t\t\t<\/div>\n\t\t\t\t\t\t<\/div>\n\t\t\t\t\t<\/div>\n\t\t<\/div>\n\t\t\t\t\t\t\t\t<\/div>\n\t\t\t\t\t<\/div>\n\t\t<\/section>\n\t\t\t\t\t\t<\/div>\n\t\t\t\t\t\t<\/div>\n\t\t\t\t\t<\/div>\n\t\t","protected":false},"excerpt":{"rendered":"<p>Non-R\u00e9sident &nbsp; Conseil fiscal pour les non-r\u00e9sidents D\u00e9claration d&#8217;imp\u00f4t des non-r\u00e9sidents (d\u00e9claration annuelle) Repr\u00e9sentation fiscale<\/p>\n","protected":false},"author":1,"featured_media":0,"parent":0,"menu_order":0,"comment_status":"closed","ping_status":"closed","template":"","meta":[],"yoast_head":"<!-- This site is optimized with the Yoast SEO plugin v15.4 - https:\/\/yoast.com\/wordpress\/plugins\/seo\/ -->\n<title>Non-R\u00e9sident | Costa del Sol | Marbella | ATA Spain<\/title>\n<meta name=\"description\" content=\"Conseil fiscal pour les non-r\u00e9sidents. D\u00e9claration d\u2019imp\u00f4t des non-r\u00e9sidents (d\u00e9claration annuelle). Repr\u00e9sentation fiscale\" \/>\n<meta name=\"robots\" content=\"index, follow, max-snippet:-1, max-image-preview:large, max-video-preview:-1\" \/>\n<link rel=\"canonical\" href=\"https:\/\/www.ataspain.com\/fr\/conseil-fiscal-pour-les-non-residents-marbella-costa-del-sol\/\" \/>\n<meta property=\"og:locale\" content=\"en_GB\" \/>\n<meta property=\"og:type\" content=\"article\" \/>\n<meta property=\"og:title\" content=\"Non-R\u00e9sident | Costa del Sol | Marbella | ATA Spain\" \/>\n<meta property=\"og:description\" content=\"Conseil fiscal pour les non-r\u00e9sidents. D\u00e9claration d\u2019imp\u00f4t des non-r\u00e9sidents (d\u00e9claration annuelle). Repr\u00e9sentation fiscale\" \/>\n<meta property=\"og:url\" content=\"https:\/\/www.ataspain.com\/fr\/conseil-fiscal-pour-les-non-residents-marbella-costa-del-sol\/\" \/>\n<meta property=\"og:site_name\" content=\"ATA Spain\" \/>\n<meta property=\"article:publisher\" content=\"https:\/\/www.facebook.com\/Ataspain-461086957358463\" \/>\n<meta property=\"article:modified_time\" content=\"2020-12-13T21:23:16+00:00\" \/>\n<meta property=\"og:image\" content=\"http:\/\/www.ataspain.com\/fr\/wp-content\/uploads\/2020\/12\/port-2707995_1280-1024x576.jpg\" \/>\n<meta name=\"twitter:card\" content=\"summary_large_image\" \/>\n<meta name=\"twitter:label1\" content=\"Written by\">\n\t<meta name=\"twitter:data1\" content=\"ATA Spain\">\n\t<meta name=\"twitter:label2\" content=\"Estimated reading time\">\n\t<meta name=\"twitter:data2\" content=\"0 minutes\">\n<script type=\"application\/ld+json\" class=\"yoast-schema-graph\">{\"@context\":\"https:\/\/schema.org\",\"@graph\":[{\"@type\":\"Organization\",\"@id\":\"https:\/\/www.ataspain.com\/fr\/#organization\",\"name\":\"ATA Spain: Accountants & Tax Advisors SL\",\"url\":\"https:\/\/www.ataspain.com\/fr\/\",\"sameAs\":[\"https:\/\/www.facebook.com\/Ataspain-461086957358463\"],\"logo\":{\"@type\":\"ImageObject\",\"@id\":\"https:\/\/www.ataspain.com\/fr\/#logo\",\"inLanguage\":\"en-GB\",\"url\":\"https:\/\/www.ataspain.com\/fr\/wp-content\/uploads\/2013\/04\/Accountants-Tax-Advisors-Spain-logo-blue.png\",\"width\":200,\"height\":118,\"caption\":\"ATA Spain: Accountants & Tax Advisors SL\"},\"image\":{\"@id\":\"https:\/\/www.ataspain.com\/fr\/#logo\"}},{\"@type\":\"WebSite\",\"@id\":\"https:\/\/www.ataspain.com\/fr\/#website\",\"url\":\"https:\/\/www.ataspain.com\/fr\/\",\"name\":\"ATA Spain\",\"description\":\"Comptables et conseillers fiscaux SL sont bas\\u00e9s \\u00e0 Marbella sur la Costa del Sol en Espagne\",\"publisher\":{\"@id\":\"https:\/\/www.ataspain.com\/fr\/#organization\"},\"potentialAction\":[{\"@type\":\"SearchAction\",\"target\":\"https:\/\/www.ataspain.com\/fr\/?s={search_term_string}\",\"query-input\":\"required name=search_term_string\"}],\"inLanguage\":\"en-GB\"},{\"@type\":\"ImageObject\",\"@id\":\"https:\/\/www.ataspain.com\/fr\/conseil-fiscal-pour-les-non-residents-marbella-costa-del-sol\/#primaryimage\",\"inLanguage\":\"en-GB\",\"url\":\"http:\/\/www.ataspain.com\/fr\/wp-content\/uploads\/2020\/12\/port-2707995_1280-1024x576.jpg\"},{\"@type\":\"WebPage\",\"@id\":\"https:\/\/www.ataspain.com\/fr\/conseil-fiscal-pour-les-non-residents-marbella-costa-del-sol\/#webpage\",\"url\":\"https:\/\/www.ataspain.com\/fr\/conseil-fiscal-pour-les-non-residents-marbella-costa-del-sol\/\",\"name\":\"Non-R\\u00e9sident | Costa del Sol | Marbella | ATA Spain\",\"isPartOf\":{\"@id\":\"https:\/\/www.ataspain.com\/fr\/#website\"},\"primaryImageOfPage\":{\"@id\":\"https:\/\/www.ataspain.com\/fr\/conseil-fiscal-pour-les-non-residents-marbella-costa-del-sol\/#primaryimage\"},\"datePublished\":\"2016-06-17T17:08:58+00:00\",\"dateModified\":\"2020-12-13T21:23:16+00:00\",\"description\":\"Conseil fiscal pour les non-r\\u00e9sidents. D\\u00e9claration d\\u2019imp\\u00f4t des non-r\\u00e9sidents (d\\u00e9claration annuelle). Repr\\u00e9sentation fiscale\",\"inLanguage\":\"en-GB\",\"potentialAction\":[{\"@type\":\"ReadAction\",\"target\":[\"https:\/\/www.ataspain.com\/fr\/conseil-fiscal-pour-les-non-residents-marbella-costa-del-sol\/\"]}]}]}<\/script>\n<!-- \/ Yoast SEO plugin. -->","_links":{"self":[{"href":"https:\/\/www.ataspain.com\/fr\/wp-json\/wp\/v2\/pages\/1836"}],"collection":[{"href":"https:\/\/www.ataspain.com\/fr\/wp-json\/wp\/v2\/pages"}],"about":[{"href":"https:\/\/www.ataspain.com\/fr\/wp-json\/wp\/v2\/types\/page"}],"author":[{"embeddable":true,"href":"https:\/\/www.ataspain.com\/fr\/wp-json\/wp\/v2\/users\/1"}],"replies":[{"embeddable":true,"href":"https:\/\/www.ataspain.com\/fr\/wp-json\/wp\/v2\/comments?post=1836"}],"version-history":[{"count":10,"href":"https:\/\/www.ataspain.com\/fr\/wp-json\/wp\/v2\/pages\/1836\/revisions"}],"predecessor-version":[{"id":2367,"href":"https:\/\/www.ataspain.com\/fr\/wp-json\/wp\/v2\/pages\/1836\/revisions\/2367"}],"wp:attachment":[{"href":"https:\/\/www.ataspain.com\/fr\/wp-json\/wp\/v2\/media?parent=1836"}],"curies":[{"name":"wp","href":"https:\/\/api.w.org\/{rel}","templated":true}]}}