{"id":5,"date":"2013-04-23T08:51:02","date_gmt":"2013-04-23T06:51:02","guid":{"rendered":"http:\/\/www.ataspain.com\/fr\/?page_id=5"},"modified":"2020-12-13T22:13:15","modified_gmt":"2020-12-13T21:13:15","slug":"travail-ressources-humaines-marbella-costa-del-sol","status":"publish","type":"page","link":"https:\/\/www.ataspain.com\/fr\/travail-ressources-humaines-marbella-costa-del-sol\/","title":{"rendered":"Travail et ressources humaines"},"content":{"rendered":"\t\t<div data-elementor-type=\"wp-page\" data-elementor-id=\"5\" class=\"elementor elementor-5\" data-elementor-settings=\"[]\">\n\t\t\t\t\t\t<div class=\"elementor-inner\">\n\t\t\t\t\t\t\t<div class=\"elementor-section-wrap\">\n\t\t\t\t\t\t\t<section class=\"elementor-section elementor-top-section elementor-element elementor-element-52bd0566 elementor-section-boxed elementor-section-height-default elementor-section-height-default\" data-id=\"52bd0566\" data-element_type=\"section\">\n\t\t\t\t\t\t<div class=\"elementor-container elementor-column-gap-default\">\n\t\t\t\t\t\t\t<div class=\"elementor-row\">\n\t\t\t\t\t<div class=\"elementor-column elementor-col-100 elementor-top-column elementor-element elementor-element-6bbbfa7a\" data-id=\"6bbbfa7a\" data-element_type=\"column\">\n\t\t\t<div class=\"elementor-column-wrap elementor-element-populated\">\n\t\t\t\t\t\t\t<div class=\"elementor-widget-wrap\">\n\t\t\t\t\t\t<div class=\"elementor-element elementor-element-51d87875 elementor-widget elementor-widget-text-editor\" data-id=\"51d87875\" data-element_type=\"widget\" data-widget_type=\"text-editor.default\">\n\t\t\t\t<div class=\"elementor-widget-container\">\n\t\t\t\t\t<div class=\"elementor-text-editor elementor-clearfix\"><h1>Travail et ressources humaines<\/h1>\n<p><\/p>\n<img loading=\"lazy\" class=\"alignright wp-image-1931 size-full\" src=\"http:\/\/www.ataspain.com\/fr\/wp-content\/uploads\/2020\/12\/news-20-360x280-1.jpg\" alt=\"Travail et ressources humaines Costa del Sol\" width=\"360\" height=\"280\" srcset=\"https:\/\/www.ataspain.com\/fr\/wp-content\/uploads\/2020\/12\/news-20-360x280-1.jpg 360w, https:\/\/www.ataspain.com\/fr\/wp-content\/uploads\/2020\/12\/news-20-360x280-1-300x233.jpg 300w\" sizes=\"(max-width: 360px) 100vw, 360px\" \/>\n\nNous offrons un service complet de main d\u2019\u0153uvre et ressources humaines comprenant:\n<ul class=\"check\">\n \t<li>Pr\u00e9paration des salaires<\/li>\n \t<li>Contrats de travail<\/li>\n \t<li>Bulletins de salaires mensuels<\/li>\n \t<li>Licenciements<\/li>\n \t<li>Conseils sur les licenciements<\/li>\n \t<li>Actions disciplinaires et conventions collectives<\/li>\n \t<li>Enregistrement des entreprises aupr\u00e8s de l&#8217;autorit\u00e9 du travail<\/li>\n \t<li>Enregistrement de nouveaux employ\u00e9s aupr\u00e8s de la s\u00e9curit\u00e9 sociale<\/li>\n \t<li>Repr\u00e9sentant \u00e0 la CMAC<\/li>\n \t<li>Tribunaux du travail<\/li>\n \t<li>Permis de travail et de s\u00e9jour<\/li>\n \t<li>Subventions publiques li\u00e9es \u00e0 l&#8217;emploi<\/li>\n<\/ul><\/div>\n\t\t\t\t<\/div>\n\t\t\t\t<\/div>\n\t\t\t\t\t\t<\/div>\n\t\t\t\t\t<\/div>\n\t\t<\/div>\n\t\t\t\t\t\t\t\t<\/div>\n\t\t\t\t\t<\/div>\n\t\t<\/section>\n\t\t\t\t\t\t<\/div>\n\t\t\t\t\t\t<\/div>\n\t\t\t\t\t<\/div>\n\t\t","protected":false},"excerpt":{"rendered":"<p>Travail et ressources humaines Nous offrons un service complet de main d\u2019\u0153uvre et ressources humaines comprenant: Pr\u00e9paration des salaires Contrats <span>&#8230;<\/span><\/p>\n","protected":false},"author":1,"featured_media":0,"parent":0,"menu_order":0,"comment_status":"closed","ping_status":"closed","template":"","meta":[],"yoast_head":"<!-- This site is optimized with the Yoast SEO plugin v15.4 - https:\/\/yoast.com\/wordpress\/plugins\/seo\/ -->\n<title>Travail et ressources humaines | ATA Spain | Costa del Sol<\/title>\n<meta name=\"description\" content=\"Nous offrons un service complet de main d\u2019\u0153uvre et ressources humaines comprenant: Pr\u00e9paration des salaires, contrats de travail, bulletins de salaires mensuels, licenciements...\" \/>\n<meta name=\"robots\" content=\"index, follow, max-snippet:-1, max-image-preview:large, max-video-preview:-1\" \/>\n<link rel=\"canonical\" href=\"https:\/\/www.ataspain.com\/fr\/travail-ressources-humaines-marbella-costa-del-sol\/\" \/>\n<meta property=\"og:locale\" content=\"en_GB\" \/>\n<meta property=\"og:type\" content=\"article\" \/>\n<meta property=\"og:title\" content=\"Travail et ressources humaines | ATA Spain | Costa del Sol\" \/>\n<meta property=\"og:description\" content=\"Nous offrons un service complet de main d\u2019\u0153uvre et ressources humaines comprenant: Pr\u00e9paration des salaires, contrats de travail, bulletins de salaires mensuels, licenciements...\" \/>\n<meta property=\"og:url\" content=\"https:\/\/www.ataspain.com\/fr\/travail-ressources-humaines-marbella-costa-del-sol\/\" \/>\n<meta property=\"og:site_name\" content=\"ATA Spain\" \/>\n<meta property=\"article:publisher\" content=\"https:\/\/www.facebook.com\/Ataspain-461086957358463\" \/>\n<meta property=\"article:modified_time\" content=\"2020-12-13T21:13:15+00:00\" \/>\n<meta property=\"og:image\" content=\"http:\/\/www.ataspain.com\/fr\/wp-content\/uploads\/2020\/12\/news-20-360x280-1.jpg\" \/>\n<meta name=\"twitter:card\" content=\"summary_large_image\" \/>\n<meta name=\"twitter:label1\" content=\"Written by\">\n\t<meta name=\"twitter:data1\" content=\"ATA Spain\">\n\t<meta name=\"twitter:label2\" content=\"Estimated reading time\">\n\t<meta name=\"twitter:data2\" content=\"0 minutes\">\n<script type=\"application\/ld+json\" class=\"yoast-schema-graph\">{\"@context\":\"https:\/\/schema.org\",\"@graph\":[{\"@type\":\"Organization\",\"@id\":\"https:\/\/www.ataspain.com\/fr\/#organization\",\"name\":\"ATA Spain: Accountants & Tax Advisors SL\",\"url\":\"https:\/\/www.ataspain.com\/fr\/\",\"sameAs\":[\"https:\/\/www.facebook.com\/Ataspain-461086957358463\"],\"logo\":{\"@type\":\"ImageObject\",\"@id\":\"https:\/\/www.ataspain.com\/fr\/#logo\",\"inLanguage\":\"en-GB\",\"url\":\"https:\/\/www.ataspain.com\/fr\/wp-content\/uploads\/2013\/04\/Accountants-Tax-Advisors-Spain-logo-blue.png\",\"width\":200,\"height\":118,\"caption\":\"ATA Spain: Accountants & Tax Advisors SL\"},\"image\":{\"@id\":\"https:\/\/www.ataspain.com\/fr\/#logo\"}},{\"@type\":\"WebSite\",\"@id\":\"https:\/\/www.ataspain.com\/fr\/#website\",\"url\":\"https:\/\/www.ataspain.com\/fr\/\",\"name\":\"ATA Spain\",\"description\":\"Comptables et conseillers fiscaux SL sont bas\\u00e9s \\u00e0 Marbella sur la Costa del Sol en Espagne\",\"publisher\":{\"@id\":\"https:\/\/www.ataspain.com\/fr\/#organization\"},\"potentialAction\":[{\"@type\":\"SearchAction\",\"target\":\"https:\/\/www.ataspain.com\/fr\/?s={search_term_string}\",\"query-input\":\"required name=search_term_string\"}],\"inLanguage\":\"en-GB\"},{\"@type\":\"ImageObject\",\"@id\":\"https:\/\/www.ataspain.com\/fr\/travail-ressources-humaines-marbella-costa-del-sol\/#primaryimage\",\"inLanguage\":\"en-GB\",\"url\":\"http:\/\/www.ataspain.com\/fr\/wp-content\/uploads\/2020\/12\/news-20-360x280-1.jpg\"},{\"@type\":\"WebPage\",\"@id\":\"https:\/\/www.ataspain.com\/fr\/travail-ressources-humaines-marbella-costa-del-sol\/#webpage\",\"url\":\"https:\/\/www.ataspain.com\/fr\/travail-ressources-humaines-marbella-costa-del-sol\/\",\"name\":\"Travail et ressources humaines | ATA Spain | Costa del Sol\",\"isPartOf\":{\"@id\":\"https:\/\/www.ataspain.com\/fr\/#website\"},\"primaryImageOfPage\":{\"@id\":\"https:\/\/www.ataspain.com\/fr\/travail-ressources-humaines-marbella-costa-del-sol\/#primaryimage\"},\"datePublished\":\"2013-04-23T06:51:02+00:00\",\"dateModified\":\"2020-12-13T21:13:15+00:00\",\"description\":\"Nous offrons un service complet de main d\\u2019\\u0153uvre et ressources humaines comprenant: Pr\\u00e9paration des salaires, contrats de travail, bulletins de salaires mensuels, licenciements...\",\"inLanguage\":\"en-GB\",\"potentialAction\":[{\"@type\":\"ReadAction\",\"target\":[\"https:\/\/www.ataspain.com\/fr\/travail-ressources-humaines-marbella-costa-del-sol\/\"]}]}]}<\/script>\n<!-- \/ Yoast SEO plugin. -->","_links":{"self":[{"href":"https:\/\/www.ataspain.com\/fr\/wp-json\/wp\/v2\/pages\/5"}],"collection":[{"href":"https:\/\/www.ataspain.com\/fr\/wp-json\/wp\/v2\/pages"}],"about":[{"href":"https:\/\/www.ataspain.com\/fr\/wp-json\/wp\/v2\/types\/page"}],"author":[{"embeddable":true,"href":"https:\/\/www.ataspain.com\/fr\/wp-json\/wp\/v2\/users\/1"}],"replies":[{"embeddable":true,"href":"https:\/\/www.ataspain.com\/fr\/wp-json\/wp\/v2\/comments?post=5"}],"version-history":[{"count":10,"href":"https:\/\/www.ataspain.com\/fr\/wp-json\/wp\/v2\/pages\/5\/revisions"}],"predecessor-version":[{"id":2364,"href":"https:\/\/www.ataspain.com\/fr\/wp-json\/wp\/v2\/pages\/5\/revisions\/2364"}],"wp:attachment":[{"href":"https:\/\/www.ataspain.com\/fr\/wp-json\/wp\/v2\/media?parent=5"}],"curies":[{"name":"wp","href":"https:\/\/api.w.org\/{rel}","templated":true}]}}