{"id":573,"date":"2020-06-25T10:19:55","date_gmt":"2020-06-25T10:19:55","guid":{"rendered":"http:\/\/www.ataspain.com\/fr?page_id=573"},"modified":"2021-07-08T23:28:33","modified_gmt":"2021-07-08T21:28:33","slug":"contact","status":"publish","type":"page","link":"https:\/\/www.ataspain.com\/fr\/contact\/","title":{"rendered":"Contact"},"content":{"rendered":"\t\t<div data-elementor-type=\"wp-page\" data-elementor-id=\"573\" class=\"elementor elementor-573\" data-elementor-settings=\"[]\">\n\t\t\t\t\t\t<div class=\"elementor-inner\">\n\t\t\t\t\t\t\t<div class=\"elementor-section-wrap\">\n\t\t\t\t\t\t\t<section class=\"elementor-section elementor-top-section elementor-element elementor-element-62848af elementor-section-stretched elementor-section-full_width new-rifat-contact-option elementor-section-height-default elementor-section-height-default\" data-id=\"62848af\" data-element_type=\"section\" data-settings=\"{&quot;stretch_section&quot;:&quot;section-stretched&quot;}\">\n\t\t\t\t\t\t<div class=\"elementor-container elementor-column-gap-default\">\n\t\t\t\t\t\t\t<div class=\"elementor-row\">\n\t\t\t\t\t<div class=\"elementor-column elementor-col-100 elementor-top-column elementor-element elementor-element-a9c57ee\" data-id=\"a9c57ee\" data-element_type=\"column\">\n\t\t\t<div class=\"elementor-column-wrap elementor-element-populated\">\n\t\t\t\t\t\t\t<div class=\"elementor-widget-wrap\">\n\t\t\t\t\t\t<div class=\"elementor-element elementor-element-f920b26 elementor-widget elementor-widget-fioonca_contact_info\" data-id=\"f920b26\" data-element_type=\"widget\" data-widget_type=\"fioonca_contact_info.default\">\n\t\t\t\t<div class=\"elementor-widget-container\">\n\t\t\t\t\t<!-- contact-information -->\n\t\t<section class=\"contact-information centred\">\n\t\t\t<div class=\"auto-container\">\n\t\t\t\t<div class=\"sec-title right\">\n\t\t\t\t\t<h5>Coordonn\u00e9es<\/h5>\n\t\t\t\t\t<h4 class=\"heading\">Nous sommes un cabinet de comptables agr\u00e9\u00e9s espagnols proposant des solutions financi\u00e8res aux petites et moyennes entreprises, ainsi qu\u2019aux particuliers. Accountants & Tax Advisors SL sont bas\u00e9s \u00e0 Marbella sur la Costa del Sol en Espagne et se sp\u00e9cialisent dans les services de fiscalit\u00e9 et de comptabilit\u00e9.<\/h4>\n\t\t\t\t<\/div>\n\t\t\t\t<div class=\"row clearfix\">\n\t\t\t\t\t\t\t\t\t\t\t<div class=\"col-lg-4 col-md-6 col-sm-12 single-column\">\n\t\t\t\t\t\t\t<div class=\"single-item wow fadeInLeft\" data-wow-delay=\"0ms\" data-wow-duration=\"1500ms\">\n\t\t\t\t\t\t\t\t<div class=\"inner-box\">\n\t\t\t\t\t\t\t\t\t<div class=\"icon-box\"><i aria-hidden=\"true\" class=\"fas fa-phone\"><\/i><\/div>\n\t\t\t\t\t\t\t\t\t<h3>Telehone<\/h3>\n\t\t\t\t\t\t\t\t\t<p><p>Office:  <a href=\"tel:0034951607006\">+34 951 60 70 06<\/a><\/p>\n<p>Mobile:  <a href=\"tel:0034626559714\">+34 626 559 714<\/a><\/p>\n<p>Fax: <a href=\"tel:0034952901051\">+34 952 90 10 51<\/a><\/p><\/p>\n\t\t\t\t\t\t\t\t<\/div>\n\t\t\t\t\t\t\t<\/div>\n\t\t\t\t\t\t<\/div> \t\t\t\t\t\t<div class=\"col-lg-4 col-md-6 col-sm-12 single-column\">\n\t\t\t\t\t\t\t<div class=\"single-item wow fadeInLeft\" data-wow-delay=\"0ms\" data-wow-duration=\"1500ms\">\n\t\t\t\t\t\t\t\t<div class=\"inner-box\">\n\t\t\t\t\t\t\t\t\t<div class=\"icon-box\"><i aria-hidden=\"true\" class=\"fas fa-map-marker-alt\"><\/i><\/div>\n\t\t\t\t\t\t\t\t\t<h3>Office Location<\/h3>\n\t\t\t\t\t\t\t\t\t<p><p>Centro de Negocios Tembo, Bloque A, Oficina 9<br>\nUrbanizaci\u00f3n La Alhambra del Mar<br>\n29602 Marbella (Malaga)<\/p><\/p>\n\t\t\t\t\t\t\t\t<\/div>\n\t\t\t\t\t\t\t<\/div>\n\t\t\t\t\t\t<\/div> \t\t\t\t\t\t<div class=\"col-lg-4 col-md-6 col-sm-12 single-column\">\n\t\t\t\t\t\t\t<div class=\"single-item wow fadeInLeft\" data-wow-delay=\"0ms\" data-wow-duration=\"1500ms\">\n\t\t\t\t\t\t\t\t<div class=\"inner-box\">\n\t\t\t\t\t\t\t\t\t<div class=\"icon-box\"><i aria-hidden=\"true\" class=\"fas fa-envelope\"><\/i><\/div>\n\t\t\t\t\t\t\t\t\t<h3>Email <\/h3>\n\t\t\t\t\t\t\t\t\t<p><p><a href=\"mailto:info@ataspain.com\">info@ataspain.com<\/a><br><a href=\"mailto:mailto:carlos@ataspain.com\">carlos@ataspain.com<\/a><\/p><\/p>\n\t\t\t\t\t\t\t\t<\/div>\n\t\t\t\t\t\t\t<\/div>\n\t\t\t\t\t\t<\/div> \n\t\t\t\t<\/div>\n\t\t\t<\/div>\n\t\t<\/section>\n\t\t<!-- contact-information end -->\n\t\t\t\t<\/div>\n\t\t\t\t<\/div>\n\t\t\t\t\t\t<\/div>\n\t\t\t\t\t<\/div>\n\t\t<\/div>\n\t\t\t\t\t\t\t\t<\/div>\n\t\t\t\t\t<\/div>\n\t\t<\/section>\n\t\t\t\t<section class=\"elementor-section elementor-top-section elementor-element elementor-element-73a938d elementor-section-boxed elementor-section-height-default elementor-section-height-default\" data-id=\"73a938d\" data-element_type=\"section\">\n\t\t\t\t\t\t<div class=\"elementor-container elementor-column-gap-default\">\n\t\t\t\t\t\t\t<div class=\"elementor-row\">\n\t\t\t\t\t<div class=\"elementor-column elementor-col-100 elementor-top-column elementor-element elementor-element-6b5300b\" data-id=\"6b5300b\" data-element_type=\"column\">\n\t\t\t<div class=\"elementor-column-wrap elementor-element-populated\">\n\t\t\t\t\t\t\t<div class=\"elementor-widget-wrap\">\n\t\t\t\t\t\t<div class=\"elementor-element elementor-element-71aa4cd elementor-widget elementor-widget-google_maps\" data-id=\"71aa4cd\" data-element_type=\"widget\" data-widget_type=\"google_maps.default\">\n\t\t\t\t<div class=\"elementor-widget-container\">\n\t\t\t<div class=\"elementor-custom-embed\"><iframe frameborder=\"0\" scrolling=\"no\" marginheight=\"0\" marginwidth=\"0\" src=\"https:\/\/maps.google.com\/maps?q=ATA%20Spain%2C%20Urbanizacion%20Alhambra%20del%20Mar%2C%2029602%20Marbella%20%28Malaga%29&amp;t=m&amp;z=14&amp;output=embed&amp;iwloc=near\" title=\"ATA Spain, Urbanizacion Alhambra del Mar, 29602 Marbella (Malaga)\" aria-label=\"ATA Spain, Urbanizacion Alhambra del Mar, 29602 Marbella (Malaga)\"><\/iframe><\/div>\t\t<\/div>\n\t\t\t\t<\/div>\n\t\t\t\t\t\t<\/div>\n\t\t\t\t\t<\/div>\n\t\t<\/div>\n\t\t\t\t\t\t\t\t<\/div>\n\t\t\t\t\t<\/div>\n\t\t<\/section>\n\t\t\t\t\t\t<\/div>\n\t\t\t\t\t\t<\/div>\n\t\t\t\t\t<\/div>\n\t\t","protected":false},"excerpt":{"rendered":"<p>Coordonn\u00e9es Nous sommes un cabinet de comptables agr\u00e9\u00e9s espagnols proposant des solutions financi\u00e8res aux petites et moyennes entreprises, ainsi qu\u2019aux <span>&#8230;<\/span><\/p>\n","protected":false},"author":1,"featured_media":0,"parent":0,"menu_order":0,"comment_status":"closed","ping_status":"closed","template":"elementor_header_footer","meta":[],"yoast_head":"<!-- This site is optimized with the Yoast SEO plugin v15.4 - https:\/\/yoast.com\/wordpress\/plugins\/seo\/ -->\n<title>Contact | ATA Spain | Sp\u00e9cialis\u00e9s dans les services fiscaux et comptables<\/title>\n<meta name=\"description\" content=\"Accountants &amp; Tax Advisors SL sont bas\u00e9s \u00e0 Marbella sur la Costa del Sol en Espagne et se sp\u00e9cialisent dans les services de fiscalit\u00e9 et de comptabilit\u00e9\" \/>\n<meta name=\"robots\" content=\"index, follow, max-snippet:-1, max-image-preview:large, max-video-preview:-1\" \/>\n<link rel=\"canonical\" href=\"https:\/\/www.ataspain.com\/fr\/contact\/\" \/>\n<meta property=\"og:locale\" content=\"en_GB\" \/>\n<meta property=\"og:type\" content=\"article\" \/>\n<meta property=\"og:title\" content=\"Contact | ATA Spain | Sp\u00e9cialis\u00e9s dans les services fiscaux et comptables\" \/>\n<meta property=\"og:description\" content=\"Accountants &amp; Tax Advisors SL sont bas\u00e9s \u00e0 Marbella sur la Costa del Sol en Espagne et se sp\u00e9cialisent dans les services de fiscalit\u00e9 et de comptabilit\u00e9\" \/>\n<meta property=\"og:url\" content=\"https:\/\/www.ataspain.com\/fr\/contact\/\" \/>\n<meta property=\"og:site_name\" content=\"ATA Spain\" \/>\n<meta property=\"article:publisher\" content=\"https:\/\/www.facebook.com\/Ataspain-461086957358463\" \/>\n<meta property=\"article:modified_time\" content=\"2021-07-08T21:28:33+00:00\" \/>\n<meta name=\"twitter:card\" content=\"summary_large_image\" \/>\n<meta name=\"twitter:label1\" content=\"Written by\">\n\t<meta name=\"twitter:data1\" content=\"ATA Spain\">\n\t<meta name=\"twitter:label2\" content=\"Estimated reading time\">\n\t<meta name=\"twitter:data2\" content=\"0 minutes\">\n<script type=\"application\/ld+json\" class=\"yoast-schema-graph\">{\"@context\":\"https:\/\/schema.org\",\"@graph\":[{\"@type\":\"Organization\",\"@id\":\"https:\/\/www.ataspain.com\/fr\/#organization\",\"name\":\"ATA Spain: Accountants & Tax Advisors SL\",\"url\":\"https:\/\/www.ataspain.com\/fr\/\",\"sameAs\":[\"https:\/\/www.facebook.com\/Ataspain-461086957358463\"],\"logo\":{\"@type\":\"ImageObject\",\"@id\":\"https:\/\/www.ataspain.com\/fr\/#logo\",\"inLanguage\":\"en-GB\",\"url\":\"https:\/\/www.ataspain.com\/fr\/wp-content\/uploads\/2013\/04\/Accountants-Tax-Advisors-Spain-logo-blue.png\",\"width\":200,\"height\":118,\"caption\":\"ATA Spain: Accountants & Tax Advisors SL\"},\"image\":{\"@id\":\"https:\/\/www.ataspain.com\/fr\/#logo\"}},{\"@type\":\"WebSite\",\"@id\":\"https:\/\/www.ataspain.com\/fr\/#website\",\"url\":\"https:\/\/www.ataspain.com\/fr\/\",\"name\":\"ATA Spain\",\"description\":\"Comptables et conseillers fiscaux SL sont bas\\u00e9s \\u00e0 Marbella sur la Costa del Sol en Espagne\",\"publisher\":{\"@id\":\"https:\/\/www.ataspain.com\/fr\/#organization\"},\"potentialAction\":[{\"@type\":\"SearchAction\",\"target\":\"https:\/\/www.ataspain.com\/fr\/?s={search_term_string}\",\"query-input\":\"required name=search_term_string\"}],\"inLanguage\":\"en-GB\"},{\"@type\":\"WebPage\",\"@id\":\"https:\/\/www.ataspain.com\/fr\/contact\/#webpage\",\"url\":\"https:\/\/www.ataspain.com\/fr\/contact\/\",\"name\":\"Contact | ATA Spain | Sp\\u00e9cialis\\u00e9s dans les services fiscaux et comptables\",\"isPartOf\":{\"@id\":\"https:\/\/www.ataspain.com\/fr\/#website\"},\"datePublished\":\"2020-06-25T10:19:55+00:00\",\"dateModified\":\"2021-07-08T21:28:33+00:00\",\"description\":\"Accountants & Tax Advisors SL sont bas\\u00e9s \\u00e0 Marbella sur la Costa del Sol en Espagne et se sp\\u00e9cialisent dans les services de fiscalit\\u00e9 et de comptabilit\\u00e9\",\"inLanguage\":\"en-GB\",\"potentialAction\":[{\"@type\":\"ReadAction\",\"target\":[\"https:\/\/www.ataspain.com\/fr\/contact\/\"]}]}]}<\/script>\n<!-- \/ Yoast SEO plugin. -->","_links":{"self":[{"href":"https:\/\/www.ataspain.com\/fr\/wp-json\/wp\/v2\/pages\/573"}],"collection":[{"href":"https:\/\/www.ataspain.com\/fr\/wp-json\/wp\/v2\/pages"}],"about":[{"href":"https:\/\/www.ataspain.com\/fr\/wp-json\/wp\/v2\/types\/page"}],"author":[{"embeddable":true,"href":"https:\/\/www.ataspain.com\/fr\/wp-json\/wp\/v2\/users\/1"}],"replies":[{"embeddable":true,"href":"https:\/\/www.ataspain.com\/fr\/wp-json\/wp\/v2\/comments?post=573"}],"version-history":[{"count":10,"href":"https:\/\/www.ataspain.com\/fr\/wp-json\/wp\/v2\/pages\/573\/revisions"}],"predecessor-version":[{"id":2409,"href":"https:\/\/www.ataspain.com\/fr\/wp-json\/wp\/v2\/pages\/573\/revisions\/2409"}],"wp:attachment":[{"href":"https:\/\/www.ataspain.com\/fr\/wp-json\/wp\/v2\/media?parent=573"}],"curies":[{"name":"wp","href":"https:\/\/api.w.org\/{rel}","templated":true}]}}