{"id":862,"date":"2011-09-23T15:15:41","date_gmt":"2011-09-23T13:15:41","guid":{"rendered":"http:\/\/rttheme16.templatemints.com\/?page_id=5"},"modified":"2020-12-13T22:11:53","modified_gmt":"2020-12-13T21:11:53","slug":"service-legal-a-marbella-costa-del-sol","status":"publish","type":"page","link":"https:\/\/www.ataspain.com\/fr\/service-legal-a-marbella-costa-del-sol\/","title":{"rendered":"Service l\u00e9gal \u00e0 Marbella"},"content":{"rendered":"\t\t<div data-elementor-type=\"wp-page\" data-elementor-id=\"862\" class=\"elementor elementor-862\" data-elementor-settings=\"[]\">\n\t\t\t\t\t\t<div class=\"elementor-inner\">\n\t\t\t\t\t\t\t<div class=\"elementor-section-wrap\">\n\t\t\t\t\t\t\t<section class=\"elementor-section elementor-top-section elementor-element elementor-element-1c38b93d elementor-section-boxed elementor-section-height-default elementor-section-height-default\" data-id=\"1c38b93d\" data-element_type=\"section\">\n\t\t\t\t\t\t<div class=\"elementor-container elementor-column-gap-default\">\n\t\t\t\t\t\t\t<div class=\"elementor-row\">\n\t\t\t\t\t<div class=\"elementor-column elementor-col-100 elementor-top-column elementor-element elementor-element-56197566\" data-id=\"56197566\" data-element_type=\"column\">\n\t\t\t<div class=\"elementor-column-wrap elementor-element-populated\">\n\t\t\t\t\t\t\t<div class=\"elementor-widget-wrap\">\n\t\t\t\t\t\t<div class=\"elementor-element elementor-element-5a226bf0 elementor-widget elementor-widget-text-editor\" data-id=\"5a226bf0\" data-element_type=\"widget\" data-widget_type=\"text-editor.default\">\n\t\t\t\t<div class=\"elementor-widget-container\">\n\t\t\t\t\t<div class=\"elementor-text-editor elementor-clearfix\"><h1>Service l\u00e9gal \u00e0 Marbella<\/h1>\n<p><\/p>\n<img loading=\"lazy\" class=\"alignright wp-image-1932 size-full\" src=\"http:\/\/www.ataspain.com\/fr\/wp-content\/uploads\/2020\/12\/news-19-360x280-1.jpg\" alt=\"Service l\u00e9gal Marbella\" width=\"360\" height=\"280\" srcset=\"https:\/\/www.ataspain.com\/fr\/wp-content\/uploads\/2020\/12\/news-19-360x280-1.jpg 360w, https:\/\/www.ataspain.com\/fr\/wp-content\/uploads\/2020\/12\/news-19-360x280-1-300x233.jpg 300w\" sizes=\"(max-width: 360px) 100vw, 360px\" \/>\nNos clients, priv\u00e9s et professionnels, comptent sur notre \u00e9quipe juridique qualifi\u00e9e du Royaume-Uni et d&#8217;Espagne pour g\u00e9rer leurs affaires personnelles et leurs pr\u00e9occupations professionnelles avec la discr\u00e9tion et l&#8217;int\u00e9grit\u00e9 que l&#8217;on attend d&#8217;une soci\u00e9t\u00e9 internationale.\n\nNous offrons des services juridiques complets tels que:\n<ul class=\"check\">\n \t<li>Droit des soci\u00e9t\u00e9s<\/li>\n \t<li>Constitution de soci\u00e9t\u00e9<\/li>\n \t<li>Augmentation de capital \/ Transfert d&#8217;actions<\/li>\n \t<li>Dissolution de l&#8217;entreprise<\/li>\n \t<li>Structures de l&#8217;entreprise<\/li>\n \t<li>Conventions d&#8217;actionnaires<\/li>\n \t<li>Vente de soci\u00e9t\u00e9s<\/li>\n \t<li>Conseil commercial et contractuel<\/li>\n \t<li>Contrats<\/li>\n \t<li>Conseil commercial et contractuel<\/li>\n \t<li>Licences d&#8217;ouverture d&#8217;entreprises<\/li>\n \t<li>Recouvrement de cr\u00e9ances<\/li>\n \t<li>Brevets et marques<\/li>\n<\/ul><\/div>\n\t\t\t\t<\/div>\n\t\t\t\t<\/div>\n\t\t\t\t\t\t<\/div>\n\t\t\t\t\t<\/div>\n\t\t<\/div>\n\t\t\t\t\t\t\t\t<\/div>\n\t\t\t\t\t<\/div>\n\t\t<\/section>\n\t\t\t\t\t\t<\/div>\n\t\t\t\t\t\t<\/div>\n\t\t\t\t\t<\/div>\n\t\t","protected":false},"excerpt":{"rendered":"<p>Service l\u00e9gal \u00e0 Marbella Nos clients, priv\u00e9s et professionnels, comptent sur notre \u00e9quipe juridique qualifi\u00e9e du Royaume-Uni et d&#8217;Espagne pour <span>&#8230;<\/span><\/p>\n","protected":false},"author":1,"featured_media":0,"parent":0,"menu_order":0,"comment_status":"closed","ping_status":"closed","template":"","meta":[],"yoast_head":"<!-- This site is optimized with the Yoast SEO plugin v15.4 - https:\/\/yoast.com\/wordpress\/plugins\/seo\/ -->\n<title>Service l\u00e9gal \u00e0 Marbella | ATA Spain Accountants &amp; Tax Advisors SL<\/title>\n<meta name=\"description\" content=\"Service l\u00e9gal Marbella. Nos clients, priv\u00e9s et professionnels, comptent sur notre \u00e9quipe juridique qualifi\u00e9e du Royaume-Uni et d&#039;Espagne pour g\u00e9rer leurs affaires personnelles et leurs pr\u00e9occupations professionnelles avec la discr\u00e9tion et l&#039;int\u00e9grit\u00e9 que l&#039;on attend d&#039;une soci\u00e9t\u00e9 internationale.\" \/>\n<meta name=\"robots\" content=\"index, follow, max-snippet:-1, max-image-preview:large, max-video-preview:-1\" \/>\n<link rel=\"canonical\" href=\"https:\/\/www.ataspain.com\/fr\/service-legal-a-marbella-costa-del-sol\/\" \/>\n<meta property=\"og:locale\" content=\"en_GB\" \/>\n<meta property=\"og:type\" content=\"article\" \/>\n<meta property=\"og:title\" content=\"Service l\u00e9gal \u00e0 Marbella | ATA Spain Accountants &amp; Tax Advisors SL\" \/>\n<meta property=\"og:description\" content=\"Service l\u00e9gal Marbella. Nos clients, priv\u00e9s et professionnels, comptent sur notre \u00e9quipe juridique qualifi\u00e9e du Royaume-Uni et d&#039;Espagne pour g\u00e9rer leurs affaires personnelles et leurs pr\u00e9occupations professionnelles avec la discr\u00e9tion et l&#039;int\u00e9grit\u00e9 que l&#039;on attend d&#039;une soci\u00e9t\u00e9 internationale.\" \/>\n<meta property=\"og:url\" content=\"https:\/\/www.ataspain.com\/fr\/service-legal-a-marbella-costa-del-sol\/\" \/>\n<meta property=\"og:site_name\" content=\"ATA Spain\" \/>\n<meta property=\"article:publisher\" content=\"https:\/\/www.facebook.com\/Ataspain-461086957358463\" \/>\n<meta property=\"article:modified_time\" content=\"2020-12-13T21:11:53+00:00\" \/>\n<meta property=\"og:image\" content=\"http:\/\/www.ataspain.com\/fr\/wp-content\/uploads\/2020\/12\/news-19-360x280-1.jpg\" \/>\n<meta name=\"twitter:card\" content=\"summary_large_image\" \/>\n<meta name=\"twitter:label1\" content=\"Written by\">\n\t<meta name=\"twitter:data1\" content=\"ATA Spain\">\n\t<meta name=\"twitter:label2\" content=\"Estimated reading time\">\n\t<meta name=\"twitter:data2\" content=\"0 minutes\">\n<script type=\"application\/ld+json\" class=\"yoast-schema-graph\">{\"@context\":\"https:\/\/schema.org\",\"@graph\":[{\"@type\":\"Organization\",\"@id\":\"https:\/\/www.ataspain.com\/fr\/#organization\",\"name\":\"ATA Spain: Accountants & Tax Advisors SL\",\"url\":\"https:\/\/www.ataspain.com\/fr\/\",\"sameAs\":[\"https:\/\/www.facebook.com\/Ataspain-461086957358463\"],\"logo\":{\"@type\":\"ImageObject\",\"@id\":\"https:\/\/www.ataspain.com\/fr\/#logo\",\"inLanguage\":\"en-GB\",\"url\":\"https:\/\/www.ataspain.com\/fr\/wp-content\/uploads\/2013\/04\/Accountants-Tax-Advisors-Spain-logo-blue.png\",\"width\":200,\"height\":118,\"caption\":\"ATA Spain: Accountants & Tax Advisors SL\"},\"image\":{\"@id\":\"https:\/\/www.ataspain.com\/fr\/#logo\"}},{\"@type\":\"WebSite\",\"@id\":\"https:\/\/www.ataspain.com\/fr\/#website\",\"url\":\"https:\/\/www.ataspain.com\/fr\/\",\"name\":\"ATA Spain\",\"description\":\"Comptables et conseillers fiscaux SL sont bas\\u00e9s \\u00e0 Marbella sur la Costa del Sol en Espagne\",\"publisher\":{\"@id\":\"https:\/\/www.ataspain.com\/fr\/#organization\"},\"potentialAction\":[{\"@type\":\"SearchAction\",\"target\":\"https:\/\/www.ataspain.com\/fr\/?s={search_term_string}\",\"query-input\":\"required name=search_term_string\"}],\"inLanguage\":\"en-GB\"},{\"@type\":\"ImageObject\",\"@id\":\"https:\/\/www.ataspain.com\/fr\/service-legal-a-marbella-costa-del-sol\/#primaryimage\",\"inLanguage\":\"en-GB\",\"url\":\"http:\/\/www.ataspain.com\/fr\/wp-content\/uploads\/2020\/12\/news-19-360x280-1.jpg\"},{\"@type\":\"WebPage\",\"@id\":\"https:\/\/www.ataspain.com\/fr\/service-legal-a-marbella-costa-del-sol\/#webpage\",\"url\":\"https:\/\/www.ataspain.com\/fr\/service-legal-a-marbella-costa-del-sol\/\",\"name\":\"Service l\\u00e9gal \\u00e0 Marbella | ATA Spain Accountants & Tax Advisors SL\",\"isPartOf\":{\"@id\":\"https:\/\/www.ataspain.com\/fr\/#website\"},\"primaryImageOfPage\":{\"@id\":\"https:\/\/www.ataspain.com\/fr\/service-legal-a-marbella-costa-del-sol\/#primaryimage\"},\"datePublished\":\"2011-09-23T13:15:41+00:00\",\"dateModified\":\"2020-12-13T21:11:53+00:00\",\"description\":\"Service l\\u00e9gal Marbella. Nos clients, priv\\u00e9s et professionnels, comptent sur notre \\u00e9quipe juridique qualifi\\u00e9e du Royaume-Uni et d'Espagne pour g\\u00e9rer leurs affaires personnelles et leurs pr\\u00e9occupations professionnelles avec la discr\\u00e9tion et l'int\\u00e9grit\\u00e9 que l'on attend d'une soci\\u00e9t\\u00e9 internationale.\",\"inLanguage\":\"en-GB\",\"potentialAction\":[{\"@type\":\"ReadAction\",\"target\":[\"https:\/\/www.ataspain.com\/fr\/service-legal-a-marbella-costa-del-sol\/\"]}]}]}<\/script>\n<!-- \/ Yoast SEO plugin. -->","_links":{"self":[{"href":"https:\/\/www.ataspain.com\/fr\/wp-json\/wp\/v2\/pages\/862"}],"collection":[{"href":"https:\/\/www.ataspain.com\/fr\/wp-json\/wp\/v2\/pages"}],"about":[{"href":"https:\/\/www.ataspain.com\/fr\/wp-json\/wp\/v2\/types\/page"}],"author":[{"embeddable":true,"href":"https:\/\/www.ataspain.com\/fr\/wp-json\/wp\/v2\/users\/1"}],"replies":[{"embeddable":true,"href":"https:\/\/www.ataspain.com\/fr\/wp-json\/wp\/v2\/comments?post=862"}],"version-history":[{"count":13,"href":"https:\/\/www.ataspain.com\/fr\/wp-json\/wp\/v2\/pages\/862\/revisions"}],"predecessor-version":[{"id":2358,"href":"https:\/\/www.ataspain.com\/fr\/wp-json\/wp\/v2\/pages\/862\/revisions\/2358"}],"wp:attachment":[{"href":"https:\/\/www.ataspain.com\/fr\/wp-json\/wp\/v2\/media?parent=862"}],"curies":[{"name":"wp","href":"https:\/\/api.w.org\/{rel}","templated":true}]}}